{"id":192063,"date":"2017-06-21T19:47:54","date_gmt":"2017-06-21T17:47:54","guid":{"rendered":"https:\/\/www.studiainitalia.com\/?post_type=product&#038;p=192063"},"modified":"2026-04-15T19:31:40","modified_gmt":"2026-04-15T17:31:40","slug":"italiano-e-trabalho-em-florenca-arquitetura","status":"publish","type":"product","link":"https:\/\/www.studiainitalia.com\/pt-br\/cursos\/cursos-em-florenca\/italiano-e-trabalho-em-florenca-arquitetura\/","title":{"rendered":"Italiano e trabalho em Floren\u00e7a: Arquitetura"},"content":{"rendered":"<h3>Italiano e trabalho em arquitetura<\/h3>\n<p>&nbsp;<\/p>\n<p>A escola, fundada em 1978, est\u00e1 localizada em pleno centro hist\u00f3rico de Floren\u00e7a, no bairro de Santo Spirito, o bairro dos artes\u00e3os e dos artistas que, fora dos tradicionais circuitos do turismo de massa, conserva intactas as suas caracter\u00edsticas econ\u00f4micas e sociais. O que distingue a escola \u00e9 o cuidado e a aten\u00e7\u00e3o que dispensa a cada um dos participantes dos cursos.<\/p>\n<p>A escola de italiano \u00e9 de tamanho m\u00e9dio e isso permite manter um contato cotidiano com todos os estudantes, passar tempo com eles e acompanh\u00e1-los com aten\u00e7\u00e3o.<\/p>\n<p>O n\u00famero de estudantes em cada grupo \u00e9 pequeno e, assim, h\u00e1 mais colabora\u00e7\u00e3o na aprendizagem, que ocorre com maior rapidez; os professores podem levar em conta as necessidades de cada estudante; o ambiente \u00e9 confort\u00e1vel e o clima, informal e de grande disponibilidade. Visto que a comunica\u00e7\u00e3o \u00e9 a base do m\u00e9todo de ensino, d\u00e1-se muita import\u00e2ncia \u00e0 comunica\u00e7\u00e3o oral e limita-se ao m\u00ednimo indispens\u00e1vel o uso de uma l\u00edngua intermedi\u00e1ria.<\/p>\n<div class=\"aiosrs-rating-summary-wrap\"><\/div>\n<div><\/div>\n<div><\/div>\n<div><\/div>\n<div><\/div>\n<div><\/div>\n<div>\n<table id=\"tablepress-94\" class=\"tablepress tablepress-id-94 tbody-has-connected-cells\">\n<thead>\n<tr class=\"row-1\">\n\t<th colspan=\"6\" class=\"column-1\">Datas de in\u00edcio 2026<\/th>\n<\/tr>\n<\/thead>\n<tbody class=\"row-striping row-hover\">\n<tr class=\"row-2\">\n\t<td class=\"column-1\">Janeiro<\/td><td class=\"column-2\">5, 19<\/td><td class=\"column-3\">Maio<\/td><td class=\"column-4\">11, 25<\/td><td class=\"column-5\">Setembro<\/td><td class=\"column-6\">14, 28<\/td>\n<\/tr>\n<tr class=\"row-3\">\n\t<td class=\"column-1\">Fevereiro<\/td><td class=\"column-2\">2, 16<\/td><td class=\"column-3\">Junho<\/td><td class=\"column-4\">8, 22<\/td><td class=\"column-5\">Outubro<\/td><td class=\"column-6\">12, 26<\/td>\n<\/tr>\n<tr class=\"row-4\">\n\t<td class=\"column-1\">Mar\u00e7o <\/td><td class=\"column-2\">2, 16, 30<\/td><td class=\"column-3\">Julho<\/td><td class=\"column-4\">6, 20<\/td><td class=\"column-5\">Novembro<\/td><td class=\"column-6\">9, 23<\/td>\n<\/tr>\n<tr class=\"row-5\">\n\t<td class=\"column-1\">Abril<\/td><td class=\"column-2\">13, 27<\/td><td class=\"column-3\">Agosto<\/td><td class=\"column-4\">3, 17, 31<\/td><td class=\"column-5\">Dezembro<\/td><td class=\"column-6\">7<\/td>\n<\/tr>\n<tr class=\"row-6\">\n\t<td colspan=\"6\" class=\"column-1\">A escola ser\u00e1 fechada nos seguintes feriados nacionais: 06\/01, segunda-feira de P\u00e1scoa, 25\/04, 01\/05, 02\/06, 24\/06, 15\/08, 01\/11, 8\/12, e durante os feriados locais e f\u00e9rias de Natal.<\/td>\n<\/tr>\n<\/tbody>\n<\/table>\n<!-- #tablepress-94 from cache --><\/div>\n<div><\/div>\n","protected":false},"excerpt":{"rendered":"<p>Este programa em arquitetura \u00e9 dirigido a estudantes de arquitetura maiores de idade de 18 at\u00e9 30 anos que queiram aprender italiano e ao mesmo tempo terem a possibilidade de realizar um est\u00e1gio de trabalho pr\u00e1tico em arquitetura na cidade de Floren\u00e7a.<\/p>\n<p>Pode se fazer um curso intensivo de Italiano durante 4 semanas na nossa escola em Floren\u00e7a e em seguida realizar 8 semanas de est\u00e1gio em Floren\u00e7a. N\u00e3o \u00e9 previsto nenhum tipo de remunera\u00e7\u00e3o.<\/p>\n<p>Os cursos de italiano est\u00e3o abertos a todos os n\u00edveis e constam de 20 horas de aulas de italiano por semana. Os grupos s\u00e3o de entre 6 e 12 alunos.<\/p>\n<p>O ensino da l\u00edngua italiana se apoia no m\u00e9todo comunicativo, focalizando a aten\u00e7\u00e3o nos aspectos da l\u00edngua mais \u00fateis para se atingir uma intera\u00e7\u00e3o lingu\u00edstica eficaz.<\/p>\n","protected":false},"featured_media":199739,"comment_status":"open","ping_status":"closed","template":"","meta":{"_acf_changed":false,"_uag_custom_page_level_css":"","_kad_blocks_custom_css":"","_kad_blocks_head_custom_js":"","_kad_blocks_body_custom_js":"","_kad_blocks_footer_custom_js":"","site-sidebar-layout":"default","site-content-layout":"default","ast-site-content-layout":"default","site-content-style":"default","site-sidebar-style":"default","ast-global-header-display":"","ast-banner-title-visibility":"","ast-main-header-display":"","ast-hfb-above-header-display":"","ast-hfb-below-header-display":"","ast-hfb-mobile-header-display":"","site-post-title":"","ast-breadcrumbs-content":"","ast-featured-img":"","footer-sml-layout":"","ast-disable-related-posts":"","theme-transparent-header-meta":"default","adv-header-id-meta":"","stick-header-meta":"default","header-above-stick-meta":"","header-main-stick-meta":"","header-below-stick-meta":"","astra-migrate-meta-layouts":"set","ast-page-background-enabled":"default","ast-page-background-meta":{"desktop":{"background-color":"var(--ast-global-color-4)","background-image":"","background-repeat":"repeat","background-position":"center center","background-size":"auto","background-attachment":"scroll","background-type":"","background-media":"","overlay-type":"","overlay-color":"","overlay-opacity":"","overlay-gradient":""},"tablet":{"background-color":"","background-image":"","background-repeat":"repeat","background-position":"center center","background-size":"auto","background-attachment":"scroll","background-type":"","background-media":"","overlay-type":"","overlay-color":"","overlay-opacity":"","overlay-gradient":""},"mobile":{"background-color":"","background-image":"","background-repeat":"repeat","background-position":"center center","background-size":"auto","background-attachment":"scroll","background-type":"","background-media":"","overlay-type":"","overlay-color":"","overlay-opacity":"","overlay-gradient":""}},"ast-content-background-meta":{"desktop":{"background-color":"var(--ast-global-color-5)","background-image":"","background-repeat":"repeat","background-position":"center center","background-size":"auto","background-attachment":"scroll","background-type":"","background-media":"","overlay-type":"","overlay-color":"","overlay-opacity":"","overlay-gradient":""},"tablet":{"background-color":"var(--ast-global-color-5)","background-image":"","background-repeat":"repeat","background-position":"center center","background-size":"auto","background-attachment":"scroll","background-type":"","background-media":"","overlay-type":"","overlay-color":"","overlay-opacity":"","overlay-gradient":""},"mobile":{"background-color":"var(--ast-global-color-5)","background-image":"","background-repeat":"repeat","background-position":"center center","background-size":"auto","background-attachment":"scroll","background-type":"","background-media":"","overlay-type":"","overlay-color":"","overlay-opacity":"","overlay-gradient":""}}},"section":[],"product_brand":[],"product_cat":[1278,1359],"product_tag":[],"class_list":{"0":"post-192063","1":"product","2":"type-product","3":"status-publish","4":"has-post-thumbnail","6":"product_cat-cursos-em-florenca","7":"product_cat-trabalho-em-italia","8":"desktop-align-left","9":"tablet-align-left","10":"mobile-align-left","11":"ast-product-gallery-layout-horizontal-slider","12":"ast-product-gallery-with-no-image","13":"ast-product-single-variable","14":"ast-product-tabs-layout-horizontal","15":"ast-qv-on-image-click","17":"first","18":"instock","19":"sold-individually","20":"shipping-taxable","21":"purchasable","22":"product-type-variable","23":"has-default-attributes"},"acf":[],"taxonomy_info":{"product_cat":[{"value":1278,"label":"Cursos em Floren\u00e7a"},{"value":1359,"label":"Trabalho em It\u00e1lia"}]},"featured_image_src_large":["https:\/\/www.studiainitalia.com\/wp-content\/uploads\/2024\/10\/simpolo-2020200_1280.jpg",1280,907,false],"author_info":[],"comment_info":3,"uagb_featured_image_src":{"full":["https:\/\/www.studiainitalia.com\/wp-content\/uploads\/2024\/10\/simpolo-2020200_1280.jpg",1280,907,false],"thumbnail":["https:\/\/www.studiainitalia.com\/wp-content\/uploads\/2024\/10\/simpolo-2020200_1280.jpg",128,91,false],"medium":["https:\/\/www.studiainitalia.com\/wp-content\/uploads\/2024\/10\/simpolo-2020200_1280.jpg",1280,907,false],"medium_large":["https:\/\/www.studiainitalia.com\/wp-content\/uploads\/2024\/10\/simpolo-2020200_1280-768x544.jpg",768,544,true],"large":["https:\/\/www.studiainitalia.com\/wp-content\/uploads\/2024\/10\/simpolo-2020200_1280.jpg",1280,907,false],"1536x1536":["https:\/\/www.studiainitalia.com\/wp-content\/uploads\/2024\/10\/simpolo-2020200_1280.jpg",1280,907,false],"2048x2048":["https:\/\/www.studiainitalia.com\/wp-content\/uploads\/2024\/10\/simpolo-2020200_1280.jpg",1280,907,false],"ultp_layout_landscape_large":["https:\/\/www.studiainitalia.com\/wp-content\/uploads\/2024\/10\/simpolo-2020200_1280-1200x800.jpg",1200,800,true],"ultp_layout_landscape":["https:\/\/www.studiainitalia.com\/wp-content\/uploads\/2024\/10\/simpolo-2020200_1280-870x570.jpg",870,570,true],"ultp_layout_portrait":["https:\/\/www.studiainitalia.com\/wp-content\/uploads\/2024\/10\/simpolo-2020200_1280-600x900.jpg",600,900,true],"ultp_layout_square":["https:\/\/www.studiainitalia.com\/wp-content\/uploads\/2024\/10\/simpolo-2020200_1280-600x600.jpg",600,600,true],"gform-image-choice-sm":["https:\/\/www.studiainitalia.com\/wp-content\/uploads\/2024\/10\/simpolo-2020200_1280.jpg",300,213,false],"gform-image-choice-md":["https:\/\/www.studiainitalia.com\/wp-content\/uploads\/2024\/10\/simpolo-2020200_1280.jpg",400,283,false],"gform-image-choice-lg":["https:\/\/www.studiainitalia.com\/wp-content\/uploads\/2024\/10\/simpolo-2020200_1280.jpg",600,425,false],"woocommerce_thumbnail":["https:\/\/www.studiainitalia.com\/wp-content\/uploads\/2024\/10\/simpolo-2020200_1280-300x300.jpg",300,300,true],"woocommerce_single":["https:\/\/www.studiainitalia.com\/wp-content\/uploads\/2024\/10\/simpolo-2020200_1280-400x283.jpg",400,283,true],"woocommerce_gallery_thumbnail":["https:\/\/www.studiainitalia.com\/wp-content\/uploads\/2024\/10\/simpolo-2020200_1280-100x100.jpg",100,100,true],"yarpp-thumbnail":["https:\/\/www.studiainitalia.com\/wp-content\/uploads\/2024\/10\/simpolo-2020200_1280-120x120.jpg",120,120,true]},"uagb_author_info":{"display_name":"Jordi Torres","author_link":"https:\/\/www.studiainitalia.com\/pt-br\/author\/"},"uagb_comment_info":3,"uagb_excerpt":"Este programa em arquitetura \u00e9 dirigido a estudantes de arquitetura maiores de idade de 18 at\u00e9 30 anos que queiram aprender italiano e ao mesmo tempo terem a possibilidade de realizar um est\u00e1gio de trabalho pr\u00e1tico em arquitetura na cidade de Floren\u00e7a. Pode se fazer um curso intensivo de Italiano durante 4 semanas na nossa&hellip;","_links":{"self":[{"href":"https:\/\/www.studiainitalia.com\/pt-br\/wp-json\/wp\/v2\/product\/192063","targetHints":{"allow":["GET"]}}],"collection":[{"href":"https:\/\/www.studiainitalia.com\/pt-br\/wp-json\/wp\/v2\/product"}],"about":[{"href":"https:\/\/www.studiainitalia.com\/pt-br\/wp-json\/wp\/v2\/types\/product"}],"replies":[{"embeddable":true,"href":"https:\/\/www.studiainitalia.com\/pt-br\/wp-json\/wp\/v2\/comments?post=192063"}],"wp:featuredmedia":[{"embeddable":true,"href":"https:\/\/www.studiainitalia.com\/pt-br\/wp-json\/wp\/v2\/media\/199739"}],"wp:attachment":[{"href":"https:\/\/www.studiainitalia.com\/pt-br\/wp-json\/wp\/v2\/media?parent=192063"}],"wp:term":[{"taxonomy":"section","embeddable":true,"href":"https:\/\/www.studiainitalia.com\/pt-br\/wp-json\/wp\/v2\/section?post=192063"},{"taxonomy":"product_brand","embeddable":true,"href":"https:\/\/www.studiainitalia.com\/pt-br\/wp-json\/wp\/v2\/product_brand?post=192063"},{"taxonomy":"product_cat","embeddable":true,"href":"https:\/\/www.studiainitalia.com\/pt-br\/wp-json\/wp\/v2\/product_cat?post=192063"},{"taxonomy":"product_tag","embeddable":true,"href":"https:\/\/www.studiainitalia.com\/pt-br\/wp-json\/wp\/v2\/product_tag?post=192063"}],"curies":[{"name":"wp","href":"https:\/\/api.w.org\/{rel}","templated":true}]}}